{"id":853,"date":"2026-07-13T12:03:06","date_gmt":"2026-07-13T10:03:06","guid":{"rendered":"https:\/\/www.iberambiente.com\/mentions-legales\/"},"modified":"2026-08-26T19:59:08","modified_gmt":"2026-08-26T17:59:08","slug":"mentions-legales","status":"publish","type":"page","link":"https:\/\/www.iberambiente.com\/fr\/mentions-legales\/","title":{"rendered":"Mentions l\u00e9gales"},"content":{"rendered":"\t\t<div data-elementor-type=\"wp-page\" data-elementor-id=\"853\" class=\"elementor elementor-853 elementor-403\" data-elementor-post-type=\"page\">\n\t\t\t\t<div class=\"elementor-element elementor-element-7c4dc35 e-con e-atomic-element e-flexbox-base e-7c4dc35-046a954 \" data-id=\"7c4dc35\" data-element_type=\"e-flexbox\" data-e-type=\"e-flexbox\" data-interaction-id=\"7c4dc35\" id=\"porque\" data-e-type=\"e-flexbox\" data-id=\"7c4dc35\">\n    <div class=\"elementor-element elementor-element-f975042 e-flex e-con-boxed e-con e-parent\" data-id=\"f975042\" data-element_type=\"container\" data-e-type=\"container\">\n\t\t\t\t\t<div class=\"e-con-inner\">\n\t\t\t\t<div class=\"elementor-element elementor-element-8bc609f elementor-widget elementor-widget-heading\" data-id=\"8bc609f\" data-element_type=\"widget\" data-e-type=\"widget\" data-widget_type=\"heading.default\">\n\t\t\t\t<div class=\"elementor-widget-container\">\n\t\t\t\t\t<h2 class=\"elementor-heading-title elementor-size-default\">Mentions l\u00e9gales<\/h2>\t\t\t\t<\/div>\n\t\t\t\t<\/div>\n\t\t\t\t<div class=\"elementor-element elementor-element-771e14b elementor-widget elementor-widget-heading\" data-id=\"771e14b\" data-element_type=\"widget\" data-e-type=\"widget\" data-widget_type=\"heading.default\">\n\t\t\t\t<div class=\"elementor-widget-container\">\n\t\t\t\t\t<h2 class=\"elementor-heading-title elementor-size-default\">Donn\u00e9es du responsable du fichier<\/h2>\t\t\t\t<\/div>\n\t\t\t\t<\/div>\n\t\t\t\t\t<\/div>\n\t\t\t\t<\/div>\n\t\t\n<\/div>\n<div class=\"elementor-element elementor-element-1859fcc e-con e-atomic-element e-flexbox-base e-9f2b8bf \" data-id=\"1859fcc\" data-element_type=\"e-flexbox\" data-e-type=\"e-flexbox\" data-interaction-id=\"1859fcc\" id=\"empresa\" data-e-type=\"e-flexbox\" data-id=\"1859fcc\">\n    <div class=\"elementor-element elementor-element-1dc6b0b e-flex e-con-boxed e-con e-parent\" data-id=\"1dc6b0b\" data-element_type=\"container\" data-e-type=\"container\">\n\t\t\t\t\t<div class=\"e-con-inner\">\n\t\t<div class=\"elementor-element elementor-element-8a73a77 e-con-full e-flex e-con e-child\" data-id=\"8a73a77\" data-element_type=\"container\" data-e-type=\"container\" data-settings=\"{&quot;background_background&quot;:&quot;classic&quot;}\">\n\t\t\t\t<div class=\"elementor-element elementor-element-84790a8 elementor-widget__width-initial elementor-widget elementor-widget-text-editor\" data-id=\"84790a8\" data-element_type=\"widget\" data-e-type=\"widget\" data-widget_type=\"text-editor.default\">\n\t\t\t\t<div class=\"elementor-widget-container\">\n\t\t\t\t\t\t\t\t\t<p><b>1.<\/b> Les droits de propri\u00e9t\u00e9 intellectuelle relatifs au site www.iberambiente.com, \u00e0 son code source, \u00e0 sa conception, \u00e0 sa structure de navigation, \u00e0 ses bases de donn\u00e9es et aux diff\u00e9rents \u00e9l\u00e9ments qu\u2019il contient sont la propri\u00e9t\u00e9 de Iberambiente, S.L., \u00e0 laquelle revient l\u2019exercice exclusif des droits d\u2019exploitation de ceux-ci sous quelque forme que ce soit et, en particulier, les droits de reproduction, de distribution, de communication au public et de transformation.<\/p>\t\t\t\t\t\t\t\t<\/div>\n\t\t\t\t<\/div>\n\t\t\t\t<div class=\"elementor-element elementor-element-b35a44d elementor-widget__width-initial elementor-widget elementor-widget-text-editor\" data-id=\"b35a44d\" data-element_type=\"widget\" data-e-type=\"widget\" data-widget_type=\"text-editor.default\">\n\t\t\t\t<div class=\"elementor-widget-container\">\n\t\t\t\t\t\t\t\t\t<b>2.<\/b> Les pr\u00e9sentes conditions g\u00e9n\u00e9rales r\u00e9gissent l\u2019acc\u00e8s et l\u2019utilisation du site web www.iberambiente.com que celui-ci met gratuitement \u00e0 la disposition des utilisateurs d\u2019Internet. L\u2019acc\u00e8s \u00e0 celui-ci implique leur acceptation sans r\u00e9serve. L\u2019utilisation de certains services propos\u00e9s sur ce site est \u00e9galement r\u00e9gie par les conditions particuli\u00e8res pr\u00e9vues dans chaque cas, lesquelles seront r\u00e9put\u00e9es accept\u00e9es du seul fait de l\u2019utilisation de ces services.\t\t\t\t\t\t\t\t<\/div>\n\t\t\t\t<\/div>\n\t\t\t\t<div class=\"elementor-element elementor-element-2c301ff elementor-widget__width-initial elementor-widget elementor-widget-text-editor\" data-id=\"2c301ff\" data-element_type=\"widget\" data-e-type=\"widget\" data-widget_type=\"text-editor.default\">\n\t\t\t\t<div class=\"elementor-widget-container\">\n\t\t\t\t\t\t\t\t\t<b>3.<\/b> La consultation, l\u2019impression et le t\u00e9l\u00e9chargement partiel du contenu du site sont autoris\u00e9s uniquement et exclusivement si les conditions suivantes sont r\u00e9unies :\n\nQu\u2019ils soient compatibles avec les finalit\u00e9s du site web www.iberambiente.com\n\n\nQu\u2019ils soient effectu\u00e9s dans le seul but d\u2019obtenir les informations contenues \u00e0 des fins personnelles et priv\u00e9es. Leur utilisation \u00e0 des fins commerciales ou pour leur distribution, communication au public, transformation ou d\u00e9compilation est express\u00e9ment interdite.\n\nQu\u2019aucun des contenus figurant sur ce site ne soit modifi\u00e9 de quelque mani\u00e8re que ce soit.\n\nQu\u2019aucun graphique, ic\u00f4ne ou image disponible sur ce site ne soit utilis\u00e9, copi\u00e9 ou distribu\u00e9 s\u00e9par\u00e9ment du texte ou du reste des images qui l\u2019accompagnent.\t\t\t\t\t\t\t\t<\/div>\n\t\t\t\t<\/div>\n\t\t\t\t<div class=\"elementor-element elementor-element-e0401f8 elementor-widget__width-initial elementor-widget elementor-widget-text-editor\" data-id=\"e0401f8\" data-element_type=\"widget\" data-e-type=\"widget\" data-widget_type=\"text-editor.default\">\n\t\t\t\t<div class=\"elementor-widget-container\">\n\t\t\t\t\t\t\t\t\t<p><b>4.<\/b> Iberambiente, S.L. se r\u00e9serve le droit d\u2019apporter, \u00e0 tout moment et sans pr\u00e9avis, des modifications et des mises \u00e0 jour aux informations contenues sur son site web, \u00e0 sa configuration et \u00e0 sa pr\u00e9sentation, ainsi qu\u2019aux conditions d\u2019acc\u00e8s.<\/p>\t\t\t\t\t\t\t\t<\/div>\n\t\t\t\t<\/div>\n\t\t\t\t<div class=\"elementor-element elementor-element-cbb0a7f elementor-widget__width-initial elementor-widget elementor-widget-text-editor\" data-id=\"cbb0a7f\" data-element_type=\"widget\" data-e-type=\"widget\" data-widget_type=\"text-editor.default\">\n\t\t\t\t<div class=\"elementor-widget-container\">\n\t\t\t\t\t\t\t\t\t<p><b>5.<\/b> Iberambiente, S.L. ne garantit pas l\u2019absence d\u2019interruptions ou d\u2019erreurs dans l\u2019acc\u00e8s au site web, dans son contenu, ni que celui-ci soit \u00e0 jour, bien qu\u2019elle mette tout en \u0153uvre, le cas \u00e9ch\u00e9ant, pour les \u00e9viter, les corriger ou le mettre \u00e0 jour.<\/p>\t\t\t\t\t\t\t\t<\/div>\n\t\t\t\t<\/div>\n\t\t\t\t<div class=\"elementor-element elementor-element-62acdc3 elementor-widget__width-initial elementor-widget elementor-widget-text-editor\" data-id=\"62acdc3\" data-element_type=\"widget\" data-e-type=\"widget\" data-widget_type=\"text-editor.default\">\n\t\t\t\t<div class=\"elementor-widget-container\">\n\t\t\t\t\t\t\t\t\t<p><b>6.<\/b> Tant l\u2019acc\u00e8s \u00e0 ce site web que l\u2019utilisation qui peut \u00eatre faite des informations qu\u2019il contient rel\u00e8vent de la seule responsabilit\u00e9 de la personne qui y acc\u00e8de ou les utilise. Iberambiente, S.L. ne saurait \u00eatre tenue responsable des cons\u00e9quences, dommages ou pr\u00e9judices pouvant d\u00e9couler dudit acc\u00e8s ou de ladite utilisation des informations. Iberambiente, S.L. d\u00e9cline toute responsabilit\u00e9 concernant les \u00e9ventuelles failles de s\u00e9curit\u00e9 susceptibles de se produire ainsi que les \u00e9ventuels dommages pouvant \u00eatre caus\u00e9s au syst\u00e8me informatique de l\u2019utilisateur (mat\u00e9riel et logiciel), aux fichiers ou documents qui y sont stock\u00e9s, du fait de la pr\u00e9sence de virus sur l\u2019ordinateur de l\u2019utilisateur utilis\u00e9 pour se connecter aux services et contenus du site web, d\u2019un mauvais fonctionnement du navigateur ou de l\u2019utilisation de versions non mises \u00e0 jour de celui-ci.<\/p>\t\t\t\t\t\t\t\t<\/div>\n\t\t\t\t<\/div>\n\t\t\t\t<div class=\"elementor-element elementor-element-64b38fa elementor-widget__width-initial elementor-widget elementor-widget-text-editor\" data-id=\"64b38fa\" data-element_type=\"widget\" data-e-type=\"widget\" data-widget_type=\"text-editor.default\">\n\t\t\t\t<div class=\"elementor-widget-container\">\n\t\t\t\t\t\t\t\t\t<p><b>7.<\/b> Iberambiente, S.L. n\u2019assume aucune responsabilit\u00e9 d\u00e9coulant de la disponibilit\u00e9 ou du contenu des liens de tiers auxquels il est fait r\u00e9f\u00e9rence sur le site web, et ne garantit pas l\u2019absence de virus ou d\u2019autres \u00e9l\u00e9ments susceptibles de provoquer des alt\u00e9rations du syst\u00e8me informatique (mat\u00e9riel et logiciel), des documents ou des fichiers de l\u2019utilisateur, excluant toute responsabilit\u00e9 pour les dommages de quelque nature que ce soit caus\u00e9s \u00e0 l\u2019utilisateur pour ce motif.<\/p>\t\t\t\t\t\t\t\t<\/div>\n\t\t\t\t<\/div>\n\t\t\t\t<div class=\"elementor-element elementor-element-8daf823 elementor-widget__width-initial elementor-widget elementor-widget-text-editor\" data-id=\"8daf823\" data-element_type=\"widget\" data-e-type=\"widget\" data-widget_type=\"text-editor.default\">\n\t\t\t\t<div class=\"elementor-widget-container\">\n\t\t\t\t\t\t\t\t\t<b>8.<\/b> L\u2019utilisation non autoris\u00e9e des informations contenues sur ce site web, leur revente, ainsi que l\u2019atteinte aux droits de propri\u00e9t\u00e9 intellectuelle de www.iberambiente.com entra\u00eeneront les responsabilit\u00e9s l\u00e9galement \u00e9tablies.\t\t\t\t\t\t\t\t<\/div>\n\t\t\t\t<\/div>\n\t\t\t\t<div class=\"elementor-element elementor-element-44887e5 elementor-widget__width-initial elementor-widget elementor-widget-text-editor\" data-id=\"44887e5\" data-element_type=\"widget\" data-e-type=\"widget\" data-widget_type=\"text-editor.default\">\n\t\t\t\t<div class=\"elementor-widget-container\">\n\t\t\t\t\t\t\t\t\t<b>9.<\/b> Tout lien de tiers vers ce site web doit renvoyer vers sa page principale ou sa page d\u2019accueil.\t\t\t\t\t\t\t\t<\/div>\n\t\t\t\t<\/div>\n\t\t\t\t<div class=\"elementor-element elementor-element-4147f55 elementor-widget__width-initial elementor-widget elementor-widget-text-editor\" data-id=\"4147f55\" data-element_type=\"widget\" data-e-type=\"widget\" data-widget_type=\"text-editor.default\">\n\t\t\t\t<div class=\"elementor-widget-container\">\n\t\t\t\t\t\t\t\t\t<p><b>10.<\/b> Iberambiente, S.L. et l\u2019utilisateur, renon\u00e7ant express\u00e9ment \u00e0 toute autre juridiction, se soumettent \u00e0 la comp\u00e9tence des tribunaux du domicile de l\u2019utilisateur pour tout litige pouvant d\u00e9couler de l\u2019acc\u00e8s \u00e0 ce site web. Dans le cas o\u00f9 l\u2019utilisateur serait domicili\u00e9 hors d\u2019Espagne, Iberambiente, S.L. et l\u2019utilisateur, renon\u00e7ant express\u00e9ment \u00e0 toute autre juridiction, se soumettent \u00e0 la comp\u00e9tence des tribunaux de ZARAGOZA (Espagne).<\/p>\t\t\t\t\t\t\t\t<\/div>\n\t\t\t\t<\/div>\n\t\t\t\t<\/div>\n\t\t\t\t\t<\/div>\n\t\t\t\t<\/div>\n\t\t\n<\/div>\n\t\t<\/div>\n\t\t","protected":false},"excerpt":{"rendered":"<p>Mentions l\u00e9gales Donn\u00e9es du responsable du fichier 1. Les droits de propri\u00e9t\u00e9 intellectuelle relatifs au site www.iberambiente.com, \u00e0 son code source, \u00e0 sa conception, \u00e0 sa structure de navigation, \u00e0 ses bases de donn\u00e9es et aux diff\u00e9rents \u00e9l\u00e9ments qu\u2019il contient sont la propri\u00e9t\u00e9 de Iberambiente, S.L., \u00e0 laquelle revient l\u2019exercice exclusif des droits d\u2019exploitation de [&hellip;]<\/p>\n","protected":false},"author":3,"featured_media":0,"parent":0,"menu_order":0,"comment_status":"closed","ping_status":"closed","template":"elementor_header_footer","meta":{"footnotes":""},"class_list":["post-853","page","type-page","status-publish","hentry"],"_links":{"self":[{"href":"https:\/\/www.iberambiente.com\/fr\/wp-json\/wp\/v2\/pages\/853","targetHints":{"allow":["GET"]}}],"collection":[{"href":"https:\/\/www.iberambiente.com\/fr\/wp-json\/wp\/v2\/pages"}],"about":[{"href":"https:\/\/www.iberambiente.com\/fr\/wp-json\/wp\/v2\/types\/page"}],"author":[{"embeddable":true,"href":"https:\/\/www.iberambiente.com\/fr\/wp-json\/wp\/v2\/users\/3"}],"replies":[{"embeddable":true,"href":"https:\/\/www.iberambiente.com\/fr\/wp-json\/wp\/v2\/comments?post=853"}],"version-history":[{"count":10,"href":"https:\/\/www.iberambiente.com\/fr\/wp-json\/wp\/v2\/pages\/853\/revisions"}],"predecessor-version":[{"id":879,"href":"https:\/\/www.iberambiente.com\/fr\/wp-json\/wp\/v2\/pages\/853\/revisions\/879"}],"wp:attachment":[{"href":"https:\/\/www.iberambiente.com\/fr\/wp-json\/wp\/v2\/media?parent=853"}],"curies":[{"name":"wp","href":"https:\/\/api.w.org\/{rel}","templated":true}]}}