{"id":861,"date":"2026-07-13T12:18:52","date_gmt":"2026-07-13T10:18:52","guid":{"rendered":"https:\/\/www.iberambiente.com\/politique-de-confidentialite\/"},"modified":"2026-08-26T19:57:48","modified_gmt":"2026-08-26T17:57:48","slug":"politique-de-confidentialite","status":"publish","type":"page","link":"https:\/\/www.iberambiente.com\/fr\/politique-de-confidentialite\/","title":{"rendered":"Politique de confidentialit\u00e9"},"content":{"rendered":"\t\t<div data-elementor-type=\"wp-page\" data-elementor-id=\"861\" class=\"elementor elementor-861 elementor-415\" data-elementor-post-type=\"page\">\n\t\t\t\t<div class=\"elementor-element elementor-element-7c4dc35 e-con e-atomic-element e-flexbox-base e-7c4dc35-046a954 \" data-id=\"7c4dc35\" data-element_type=\"e-flexbox\" data-e-type=\"e-flexbox\" data-interaction-id=\"7c4dc35\" id=\"porque\" data-e-type=\"e-flexbox\" data-id=\"7c4dc35\">\n    <div class=\"elementor-element elementor-element-f975042 e-flex e-con-boxed e-con e-parent\" data-id=\"f975042\" data-element_type=\"container\" data-e-type=\"container\">\n\t\t\t\t\t<div class=\"e-con-inner\">\n\t\t\t\t<div class=\"elementor-element elementor-element-8bc609f elementor-widget elementor-widget-heading\" data-id=\"8bc609f\" data-element_type=\"widget\" data-e-type=\"widget\" data-widget_type=\"heading.default\">\n\t\t\t\t<div class=\"elementor-widget-container\">\n\t\t\t\t\t<h2 class=\"elementor-heading-title elementor-size-default\">POLITIQUE DE CONFIDENTIALIT\u00c9<\/h2>\t\t\t\t<\/div>\n\t\t\t\t<\/div>\n\t\t\t\t\t<\/div>\n\t\t\t\t<\/div>\n\t\t\n<\/div>\n<div class=\"elementor-element elementor-element-1859fcc e-con e-atomic-element e-flexbox-base e-9f2b8bf \" data-id=\"1859fcc\" data-element_type=\"e-flexbox\" data-e-type=\"e-flexbox\" data-interaction-id=\"1859fcc\" id=\"empresa\" data-e-type=\"e-flexbox\" data-id=\"1859fcc\">\n    <div class=\"elementor-element elementor-element-1dc6b0b e-flex e-con-boxed e-con e-parent\" data-id=\"1dc6b0b\" data-element_type=\"container\" data-e-type=\"container\">\n\t\t\t\t\t<div class=\"e-con-inner\">\n\t\t<div class=\"elementor-element elementor-element-8a73a77 e-con-full e-flex e-con e-child\" data-id=\"8a73a77\" data-element_type=\"container\" data-e-type=\"container\" data-settings=\"{&quot;background_background&quot;:&quot;classic&quot;}\">\n\t\t\t\t<div class=\"elementor-element elementor-element-84790a8 elementor-widget__width-initial elementor-widget elementor-widget-text-editor\" data-id=\"84790a8\" data-element_type=\"widget\" data-e-type=\"widget\" data-widget_type=\"text-editor.default\">\n\t\t\t\t<div class=\"elementor-widget-container\">\n\t\t\t\t\t\t\t\t\t<p>Iberambiente, S.L. consid\u00e8re comme objectif fondamental de garantir la confidentialit\u00e9 et la protection des donn\u00e9es \u00e0 caract\u00e8re personnel, conform\u00e9ment \u00e0 la r\u00e9glementation \u00e9tablie \u00e0 cette fin.<\/p>\t\t\t\t\t\t\t\t<\/div>\n\t\t\t\t<\/div>\n\t\t\t\t<div class=\"elementor-element elementor-element-b35a44d elementor-widget__width-initial elementor-widget elementor-widget-text-editor\" data-id=\"b35a44d\" data-element_type=\"widget\" data-e-type=\"widget\" data-widget_type=\"text-editor.default\">\n\t\t\t\t<div class=\"elementor-widget-container\">\n\t\t\t\t\t\t\t\t\t<p><strong>1.<\/strong> Propri\u00e9t\u00e9\/Responsable du fichier. Iberambiente, S.L., titulaire du NIF B50612274 et dont le si\u00e8ge est situ\u00e9 Carretera de Valencia km 5,900 C.P. 50410 Cuarte de Huerva (Zaragoza), est l\u2019entit\u00e9 propri\u00e9taire des fichiers auxquels sont incorpor\u00e9es les Donn\u00e9es \u00e0 caract\u00e8re personnel, ainsi que responsable de leur traitement.<\/p>\t\t\t\t\t\t\t\t<\/div>\n\t\t\t\t<\/div>\n\t\t\t\t<div class=\"elementor-element elementor-element-2c301ff elementor-widget__width-initial elementor-widget elementor-widget-text-editor\" data-id=\"2c301ff\" data-element_type=\"widget\" data-e-type=\"widget\" data-widget_type=\"text-editor.default\">\n\t\t\t\t<div class=\"elementor-widget-container\">\n\t\t\t\t\t\t\t\t\t<p><strong>2.<\/strong> Qualit\u00e9 des donn\u00e9es. Les Donn\u00e9es \u00e0 caract\u00e8re personnel faisant partie des fichiers de Iberambiente, S.L. sont ad\u00e9quates, pertinentes et strictement n\u00e9cessaires \u00e0 la finalit\u00e9 pour laquelle elles sont recueillies. Elle garantit les mesures techniques et organisationnelles n\u00e9cessaires \u00e0 la s\u00e9curit\u00e9, \u00e0 l\u2019int\u00e9grit\u00e9 et \u00e0 la confidentialit\u00e9 des donn\u00e9es personnelles qu\u2019ils contiennent, en \u00e9vitant leur alt\u00e9ration, leur perte, leur traitement ou leur acc\u00e8s non autoris\u00e9, compte tenu de l\u2019\u00e9tat de la technologie, de la nature des donn\u00e9es stock\u00e9es et des risques auxquels elles sont expos\u00e9es, qu\u2019ils proviennent de l\u2019action humaine ou du milieu physique ou naturel.<\/p>\t\t\t\t\t\t\t\t<\/div>\n\t\t\t\t<\/div>\n\t\t\t\t<div class=\"elementor-element elementor-element-e0401f8 elementor-widget__width-initial elementor-widget elementor-widget-text-editor\" data-id=\"e0401f8\" data-element_type=\"widget\" data-e-type=\"widget\" data-widget_type=\"text-editor.default\">\n\t\t\t\t<div class=\"elementor-widget-container\">\n\t\t\t\t\t\t\t\t\t<strong>3.<\/strong> Finalit\u00e9 des donn\u00e9es. La collecte et le traitement automatis\u00e9 des Donn\u00e9es \u00e0 caract\u00e8re personnel ont pour finalit\u00e9 :\n\n\u2013 L\u2019envoi d\u2019informations publicitaires et promotionnelles relatives aux services et produits de www.iberambiente.com\n\u2013 L\u2019envoi d\u2019informations pertinentes sur www.iberambiente.com, ainsi que sur ses \u00e9v\u00e9nements et activit\u00e9s.\n\u2013 L\u2019inscription et la gestion des clients des produits et services de www.iberambiente.com\n\nElles ne seront pas utilis\u00e9es \u00e0 des fins autres que celles pour lesquelles elles ont \u00e9t\u00e9 recueillies.\nL\u2019utilisateur qui s\u2019inscrit \u00e0 la newsletter du site web www.iberambiente.com accepte express\u00e9ment l\u2019envoi de communications commerciales.\t\t\t\t\t\t\t\t<\/div>\n\t\t\t\t<\/div>\n\t\t\t\t<div class=\"elementor-element elementor-element-cbb0a7f elementor-widget__width-initial elementor-widget elementor-widget-text-editor\" data-id=\"cbb0a7f\" data-element_type=\"widget\" data-e-type=\"widget\" data-widget_type=\"text-editor.default\">\n\t\t\t\t<div class=\"elementor-widget-container\">\n\t\t\t\t\t\t\t\t\t<strong>4.<\/strong> Base juridique du traitement. Elle sera constitu\u00e9e par le consentement de l\u2019utilisateur et\/ou, le cas \u00e9ch\u00e9ant, par l\u2019ex\u00e9cution de la relation contractuelle qui serait \u00e9tablie.\t\t\t\t\t\t\t\t<\/div>\n\t\t\t\t<\/div>\n\t\t\t\t<div class=\"elementor-element elementor-element-62acdc3 elementor-widget__width-initial elementor-widget elementor-widget-text-editor\" data-id=\"62acdc3\" data-element_type=\"widget\" data-e-type=\"widget\" data-widget_type=\"text-editor.default\">\n\t\t\t\t<div class=\"elementor-widget-container\">\n\t\t\t\t\t\t\t\t\t<strong>5.<\/strong> Si vous ne nous fournissez pas les donn\u00e9es qui vous sont demand\u00e9es, il est possible que le service ou la prestation demand\u00e9s ne puissent pas \u00eatre r\u00e9alis\u00e9s.\t\t\t\t\t\t\t\t<\/div>\n\t\t\t\t<\/div>\n\t\t\t\t<div class=\"elementor-element elementor-element-64b38fa elementor-widget__width-initial elementor-widget elementor-widget-text-editor\" data-id=\"64b38fa\" data-element_type=\"widget\" data-e-type=\"widget\" data-widget_type=\"text-editor.default\">\n\t\t\t\t<div class=\"elementor-widget-container\">\n\t\t\t\t\t\t\t\t\t<strong>6.<\/strong> D\u00e9lais. Les donn\u00e9es seront conserv\u00e9es pendant la dur\u00e9e n\u00e9cessaire \u00e0 l\u2019accomplissement de leurs finalit\u00e9s et, dans tous les cas, jusqu\u2019\u00e0 5 ans \u00e0 compter de la derni\u00e8re activit\u00e9 de l\u2019utilisateur.\t\t\t\t\t\t\t\t<\/div>\n\t\t\t\t<\/div>\n\t\t\t\t<div class=\"elementor-element elementor-element-8daf823 elementor-widget__width-initial elementor-widget elementor-widget-text-editor\" data-id=\"8daf823\" data-element_type=\"widget\" data-e-type=\"widget\" data-widget_type=\"text-editor.default\">\n\t\t\t\t<div class=\"elementor-widget-container\">\n\t\t\t\t\t\t\t\t\t<strong>7.<\/strong> Droits de l\u2019utilisateur. Il est \u00e9galement port\u00e9 \u00e0 votre connaissance que vous pouvez exercer les droits d\u2019acc\u00e8s, de rectification, d\u2019effacement, d\u2019opposition, de limitation et de portabilit\u00e9 concernant vos donn\u00e9es personnelles, en \u00e9crivant \u00e0 l\u2019adresse e-mail : info@iberambiente.com, ainsi que retirer votre consentement \u00e0 tout moment, sans que cela n\u2019affecte la lic\u00e9it\u00e9 du traitement fond\u00e9 sur le consentement donn\u00e9 avant son retrait, et introduire une r\u00e9clamation aupr\u00e8s d\u2019une autorit\u00e9 de contr\u00f4le.\t\t\t\t\t\t\t\t<\/div>\n\t\t\t\t<\/div>\n\t\t\t\t<div class=\"elementor-element elementor-element-44887e5 elementor-widget__width-initial elementor-widget elementor-widget-text-editor\" data-id=\"44887e5\" data-element_type=\"widget\" data-e-type=\"widget\" data-widget_type=\"text-editor.default\">\n\t\t\t\t<div class=\"elementor-widget-container\">\n\t\t\t\t\t\t\t\t\t<strong>8.<\/strong> Mineurs. La transmission de donn\u00e9es personnelles par l\u2019interm\u00e9diaire du site web www.iberambiente.com par des mineurs de moins de 13 ans n\u00e9cessitera dans tous les cas le consentement expr\u00e8s de leurs parents ou tuteurs, au moyen de l\u2019envoi de l\u2019autorisation accompagn\u00e9e d\u2019une copie d\u2019un document justificatif d\u2019identit\u00e9 \u00e0 l\u2019adresse e-mail info@iberambiente.com\t\t\t\t\t\t\t\t<\/div>\n\t\t\t\t<\/div>\n\t\t\t\t<div class=\"elementor-element elementor-element-4147f55 elementor-widget__width-initial elementor-widget elementor-widget-text-editor\" data-id=\"4147f55\" data-element_type=\"widget\" data-e-type=\"widget\" data-widget_type=\"text-editor.default\">\n\t\t\t\t<div class=\"elementor-widget-container\">\n\t\t\t\t\t\t\t\t\t<strong>9.<\/strong> Mineurs. La transmission de donn\u00e9es personnelles par l\u2019interm\u00e9diaire du site web www.iberambiente.com par des mineurs de moins de 13 ans n\u00e9cessitera dans tous les cas le consentement expr\u00e8s de leurs parents ou tuteurs, au moyen de l\u2019envoi de l\u2019autorisation accompagn\u00e9e d\u2019une copie d\u2019un document justificatif d\u2019identit\u00e9 \u00e0 l\u2019adresse e-mail info@iberambiente.com\t\t\t\t\t\t\t\t<\/div>\n\t\t\t\t<\/div>\n\t\t\t\t<div class=\"elementor-element elementor-element-3d5a46d elementor-widget__width-initial elementor-widget elementor-widget-text-editor\" data-id=\"3d5a46d\" data-element_type=\"widget\" data-e-type=\"widget\" data-widget_type=\"text-editor.default\">\n\t\t\t\t<div class=\"elementor-widget-container\">\n\t\t\t\t\t\t\t\t\t<strong>10.<\/strong> L\u2019utilisateur sera, dans tous les cas, responsable de la v\u00e9racit\u00e9 des donn\u00e9es fournies, le responsable du fichier se r\u00e9servant le droit d\u2019exclure des services enregistr\u00e9s tout utilisateur ayant fourni des donn\u00e9es fausses, sans pr\u00e9judice des autres actions pr\u00e9vues par la loi.\t\t\t\t\t\t\t\t<\/div>\n\t\t\t\t<\/div>\n\t\t\t\t<div class=\"elementor-element elementor-element-fb706f7 elementor-widget__width-initial elementor-widget elementor-widget-text-editor\" data-id=\"fb706f7\" data-element_type=\"widget\" data-e-type=\"widget\" data-widget_type=\"text-editor.default\">\n\t\t\t\t<div class=\"elementor-widget-container\">\n\t\t\t\t\t\t\t\t\t<strong>11.<\/strong> Mesures de s\u00e9curit\u00e9. Le site web www.iberambiente.com garantit l\u2019adoption des mesures de s\u00e9curit\u00e9 techniques et organisationnelles n\u00e9cessaires pour garantir la s\u00e9curit\u00e9 des Donn\u00e9es \u00e0 caract\u00e8re personnel et emp\u00eacher leur alt\u00e9ration, leur perte, leur traitement ou leur acc\u00e8s non autoris\u00e9, compte tenu de l\u2019\u00e9tat de la technologie, de la nature des donn\u00e9es et des risques auxquels elles sont expos\u00e9es.\t\t\t\t\t\t\t\t<\/div>\n\t\t\t\t<\/div>\n\t\t\t\t<div class=\"elementor-element elementor-element-9efb205 elementor-widget__width-initial elementor-widget elementor-widget-text-editor\" data-id=\"9efb205\" data-element_type=\"widget\" data-e-type=\"widget\" data-widget_type=\"text-editor.default\">\n\t\t\t\t<div class=\"elementor-widget-container\">\n\t\t\t\t\t\t\t\t\t<strong>12.<\/strong> S\u00e9curit\u00e9 des acc\u00e8s. L\u2019acc\u00e8s aux pages par l\u2019interm\u00e9diaire desquelles le client de www.iberambiente.com traite des donn\u00e9es personnelles s\u2019effectue par une connexion s\u00e9curis\u00e9e.\t\t\t\t\t\t\t\t<\/div>\n\t\t\t\t<\/div>\n\t\t\t\t<div class=\"elementor-element elementor-element-2789655 elementor-widget__width-initial elementor-widget elementor-widget-text-editor\" data-id=\"2789655\" data-element_type=\"widget\" data-e-type=\"widget\" data-widget_type=\"text-editor.default\">\n\t\t\t\t<div class=\"elementor-widget-container\">\n\t\t\t\t\t\t\t\t\t<p><strong>13.<\/strong> Iberambiente, S.L. n\u2019assume aucune responsabilit\u00e9 en ce qui concerne les politiques de protection des donn\u00e9es qui peuvent \u00eatre adopt\u00e9es sur les pages li\u00e9es pr\u00e9sentes sur ce site web.<\/p>\t\t\t\t\t\t\t\t<\/div>\n\t\t\t\t<\/div>\n\t\t\t\t<div class=\"elementor-element elementor-element-1f05803 elementor-widget__width-initial elementor-widget elementor-widget-text-editor\" data-id=\"1f05803\" data-element_type=\"widget\" data-e-type=\"widget\" data-widget_type=\"text-editor.default\">\n\t\t\t\t<div class=\"elementor-widget-container\">\n\t\t\t\t\t\t\t\t\t<p><strong>14.<\/strong> Modification de la r\u00e9glementation. Iberambiente, S.L. consid\u00e8re comme objectif fondamental de garantir la confidentialit\u00e9 et la protection des donn\u00e9es \u00e0 caract\u00e8re personnel des utilisateurs recueillies par tout syst\u00e8me permettant la transmission de donn\u00e9es. Par cons\u00e9quent, elle d\u00e9clare son engagement \u00e0 respecter la l\u00e9gislation en vigueur \u00e0 tout moment dans ce domaine. Pour toute question ou demande d\u2019information, vous pouvez utiliser l\u2019adresse e-mail : info@iberambiente.com<\/p>\t\t\t\t\t\t\t\t<\/div>\n\t\t\t\t<\/div>\n\t\t\t\t<\/div>\n\t\t\t\t\t<\/div>\n\t\t\t\t<\/div>\n\t\t\n<\/div>\n\t\t<\/div>\n\t\t","protected":false},"excerpt":{"rendered":"<p>POLITIQUE DE CONFIDENTIALIT\u00c9 Iberambiente, S.L. consid\u00e8re comme objectif fondamental de garantir la confidentialit\u00e9 et la protection des donn\u00e9es \u00e0 caract\u00e8re personnel, conform\u00e9ment \u00e0 la r\u00e9glementation \u00e9tablie \u00e0 cette fin. 1. Propri\u00e9t\u00e9\/Responsable du fichier. Iberambiente, S.L., titulaire du NIF B50612274 et dont le si\u00e8ge est situ\u00e9 Carretera de Valencia km 5,900 C.P. 50410 Cuarte de Huerva [&hellip;]<\/p>\n","protected":false},"author":3,"featured_media":0,"parent":0,"menu_order":0,"comment_status":"closed","ping_status":"closed","template":"elementor_header_footer","meta":{"footnotes":""},"class_list":["post-861","page","type-page","status-publish","hentry"],"_links":{"self":[{"href":"https:\/\/www.iberambiente.com\/fr\/wp-json\/wp\/v2\/pages\/861","targetHints":{"allow":["GET"]}}],"collection":[{"href":"https:\/\/www.iberambiente.com\/fr\/wp-json\/wp\/v2\/pages"}],"about":[{"href":"https:\/\/www.iberambiente.com\/fr\/wp-json\/wp\/v2\/types\/page"}],"author":[{"embeddable":true,"href":"https:\/\/www.iberambiente.com\/fr\/wp-json\/wp\/v2\/users\/3"}],"replies":[{"embeddable":true,"href":"https:\/\/www.iberambiente.com\/fr\/wp-json\/wp\/v2\/comments?post=861"}],"version-history":[{"count":7,"href":"https:\/\/www.iberambiente.com\/fr\/wp-json\/wp\/v2\/pages\/861\/revisions"}],"predecessor-version":[{"id":876,"href":"https:\/\/www.iberambiente.com\/fr\/wp-json\/wp\/v2\/pages\/861\/revisions\/876"}],"wp:attachment":[{"href":"https:\/\/www.iberambiente.com\/fr\/wp-json\/wp\/v2\/media?parent=861"}],"curies":[{"name":"wp","href":"https:\/\/api.w.org\/{rel}","templated":true}]}}